{"id":717,"date":"2019-04-11T15:16:40","date_gmt":"2019-04-11T15:16:40","guid":{"rendered":"http:\/\/elbgraphik.de\/?page_id=717"},"modified":"2020-02-16T18:12:59","modified_gmt":"2020-02-16T18:12:59","slug":"kuenstlerisches-recycling","status":"publish","type":"page","link":"https:\/\/elbgraphik.de\/wordpress\/kuenstlerisches-recycling\/","title":{"rendered":"k\u00fcnstlerisches recycling"},"content":{"rendered":"\n<ul class=\"wp-block-gallery columns-3 is-cropped wp-block-gallery-1 is-layout-flex wp-block-gallery-is-layout-flex\"><li class=\"blocks-gallery-item\"><figure><img loading=\"lazy\" decoding=\"async\" width=\"1024\" height=\"768\" src=\"https:\/\/elbgraphik.de\/wordpress\/wp-content\/uploads\/DSCN3222-1024x768.jpg\" alt=\"\" data-id=\"719\" data-link=\"https:\/\/elbgraphik.de\/wordpress\/?attachment_id=719\" class=\"wp-image-719\" srcset=\"https:\/\/elbgraphik.de\/wordpress\/wp-content\/uploads\/DSCN3222-1024x768.jpg 1024w, https:\/\/elbgraphik.de\/wordpress\/wp-content\/uploads\/DSCN3222-300x225.jpg 300w, https:\/\/elbgraphik.de\/wordpress\/wp-content\/uploads\/DSCN3222-768x576.jpg 768w\" sizes=\"(max-width: 706px) 89vw, (max-width: 767px) 82vw, 740px\" \/><figcaption>Lederspiralbuch DinA6 hoch <\/figcaption><\/figure><\/li><li class=\"blocks-gallery-item\"><figure><img loading=\"lazy\" decoding=\"async\" width=\"1024\" height=\"768\" src=\"https:\/\/elbgraphik.de\/wordpress\/wp-content\/uploads\/DSCN3219-1024x768.jpg\" alt=\"\" data-id=\"718\" data-link=\"https:\/\/elbgraphik.de\/wordpress\/?attachment_id=718\" class=\"wp-image-718\" srcset=\"https:\/\/elbgraphik.de\/wordpress\/wp-content\/uploads\/DSCN3219-1024x768.jpg 1024w, https:\/\/elbgraphik.de\/wordpress\/wp-content\/uploads\/DSCN3219-300x225.jpg 300w, https:\/\/elbgraphik.de\/wordpress\/wp-content\/uploads\/DSCN3219-768x576.jpg 768w\" sizes=\"(max-width: 706px) 89vw, (max-width: 767px) 82vw, 740px\" \/><figcaption>Lederringbuch DinA6 quer<\/figcaption><\/figure><\/li><li class=\"blocks-gallery-item\"><figure><img loading=\"lazy\" decoding=\"async\" width=\"1024\" height=\"768\" src=\"https:\/\/elbgraphik.de\/wordpress\/wp-content\/uploads\/DSCN3225-1024x768.jpg\" alt=\"\" data-id=\"720\" data-link=\"https:\/\/elbgraphik.de\/wordpress\/?attachment_id=720\" class=\"wp-image-720\" srcset=\"https:\/\/elbgraphik.de\/wordpress\/wp-content\/uploads\/DSCN3225-1024x768.jpg 1024w, https:\/\/elbgraphik.de\/wordpress\/wp-content\/uploads\/DSCN3225-300x225.jpg 300w, https:\/\/elbgraphik.de\/wordpress\/wp-content\/uploads\/DSCN3225-768x576.jpg 768w\" sizes=\"(max-width: 706px) 89vw, (max-width: 767px) 82vw, 740px\" \/><figcaption>DinA6 Ringbuch B\u00fcttenpapier<\/figcaption><\/figure><\/li><li class=\"blocks-gallery-item\"><figure><img loading=\"lazy\" decoding=\"async\" width=\"1024\" height=\"768\" src=\"https:\/\/elbgraphik.de\/wordpress\/wp-content\/uploads\/DSCN3250-1024x768.jpg\" alt=\"\" data-id=\"722\" data-link=\"https:\/\/elbgraphik.de\/wordpress\/?attachment_id=722\" class=\"wp-image-722\" srcset=\"https:\/\/elbgraphik.de\/wordpress\/wp-content\/uploads\/DSCN3250-1024x768.jpg 1024w, https:\/\/elbgraphik.de\/wordpress\/wp-content\/uploads\/DSCN3250-300x225.jpg 300w, https:\/\/elbgraphik.de\/wordpress\/wp-content\/uploads\/DSCN3250-768x576.jpg 768w\" sizes=\"(max-width: 706px) 89vw, (max-width: 767px) 82vw, 740px\" \/><figcaption>Notizheft<br><br><\/figcaption><\/figure><\/li><li class=\"blocks-gallery-item\"><figure><img loading=\"lazy\" decoding=\"async\" width=\"1024\" height=\"768\" src=\"https:\/\/elbgraphik.de\/wordpress\/wp-content\/uploads\/DSCN3241-1024x768.jpg\" alt=\"\" data-id=\"721\" data-link=\"https:\/\/elbgraphik.de\/wordpress\/?attachment_id=721\" class=\"wp-image-721\" srcset=\"https:\/\/elbgraphik.de\/wordpress\/wp-content\/uploads\/DSCN3241-1024x768.jpg 1024w, https:\/\/elbgraphik.de\/wordpress\/wp-content\/uploads\/DSCN3241-300x225.jpg 300w, https:\/\/elbgraphik.de\/wordpress\/wp-content\/uploads\/DSCN3241-768x576.jpg 768w\" sizes=\"(max-width: 706px) 89vw, (max-width: 767px) 82vw, 740px\" \/><figcaption>Mini-Notizblock<\/figcaption><\/figure><\/li><li class=\"blocks-gallery-item\"><figure><img loading=\"lazy\" decoding=\"async\" width=\"1024\" height=\"768\" src=\"https:\/\/elbgraphik.de\/wordpress\/wp-content\/uploads\/DSCN3229-1024x768.jpg\" alt=\"\" data-id=\"741\" data-link=\"https:\/\/elbgraphik.de\/wordpress\/kuenstlerisches-recycling\/dscn3229\/\" class=\"wp-image-741\" srcset=\"https:\/\/elbgraphik.de\/wordpress\/wp-content\/uploads\/DSCN3229-1024x768.jpg 1024w, https:\/\/elbgraphik.de\/wordpress\/wp-content\/uploads\/DSCN3229-300x225.jpg 300w, https:\/\/elbgraphik.de\/wordpress\/wp-content\/uploads\/DSCN3229-768x576.jpg 768w\" sizes=\"(max-width: 706px) 89vw, (max-width: 767px) 82vw, 740px\" \/><figcaption>Lederspiralbuch DinA6<\/figcaption><\/figure><\/li><li class=\"blocks-gallery-item\"><figure><img loading=\"lazy\" decoding=\"async\" width=\"1024\" height=\"768\" src=\"https:\/\/elbgraphik.de\/wordpress\/wp-content\/uploads\/DSCN3236-1024x768.jpg\" alt=\"\" data-id=\"742\" data-link=\"https:\/\/elbgraphik.de\/wordpress\/kuenstlerisches-recycling\/dscn3236\/\" class=\"wp-image-742\" srcset=\"https:\/\/elbgraphik.de\/wordpress\/wp-content\/uploads\/DSCN3236-1024x768.jpg 1024w, https:\/\/elbgraphik.de\/wordpress\/wp-content\/uploads\/DSCN3236-300x225.jpg 300w, https:\/\/elbgraphik.de\/wordpress\/wp-content\/uploads\/DSCN3236-768x576.jpg 768w\" sizes=\"(max-width: 706px) 89vw, (max-width: 767px) 82vw, 740px\" \/><figcaption>Papierbuch geheftet DinA5, wahlweise auch mit Blankopapier<\/figcaption><\/figure><\/li><\/ul>\n\n\n\n<p>aus &#8222;Resten&#8220; werden kleine brauchbare Dinge gefertigt, die praktisch und nett sind, auch gerne zu Dekorationszwecken eingesetzt werden, weiter gibt es <br> &#8211; Zeichenhefte\/Kalender DinA5-3 mit laminierter Au\u00dfenh\u00fclle &amp; HH-Design&nbsp;<br> &#8211; Kalenderbl\u00e4tter (1Monat-1Blatt) DinA5-3 mit Motiv oder wahlweise Fotos<br> &#8211; Kalenderblatt DinA3 &#8211; 1Jahr\/1Blatt mit verschiedenen Motiven oder wahlweise Fotos<br> &#8211; Lesezeichen aus getrockneten Bl\u00fcten \/ Bl\u00e4ttern \/ Federn, etc., <br> &#8211; Stiftehalter aus Knochen<br>&nbsp;&#8211; Vasen oder Lichtobjekte aus Flaschen<br> &#8211; Ablagen aus getrocknetem Holzresten<br> &#8211; etc.<br><\/p>\n\n\n\n<ul class=\"wp-block-gallery columns-3 is-cropped wp-block-gallery-2 is-layout-flex wp-block-gallery-is-layout-flex\"><li class=\"blocks-gallery-item\"><figure><img loading=\"lazy\" decoding=\"async\" width=\"824\" height=\"1024\" src=\"https:\/\/elbgraphik.de\/wordpress\/wp-content\/uploads\/Lesezeichen-divers-824x1024.jpg\" alt=\"\" data-id=\"749\" data-link=\"https:\/\/elbgraphik.de\/wordpress\/kuenstlerisches-recycling\/lesezeichen-divers\/\" class=\"wp-image-749\" srcset=\"https:\/\/elbgraphik.de\/wordpress\/wp-content\/uploads\/Lesezeichen-divers-824x1024.jpg 824w, https:\/\/elbgraphik.de\/wordpress\/wp-content\/uploads\/Lesezeichen-divers-241x300.jpg 241w, https:\/\/elbgraphik.de\/wordpress\/wp-content\/uploads\/Lesezeichen-divers-768x955.jpg 768w\" sizes=\"(max-width: 706px) 89vw, (max-width: 767px) 82vw, 740px\" \/><figcaption>Lesezeichen<\/figcaption><\/figure><\/li><li class=\"blocks-gallery-item\"><figure><img loading=\"lazy\" decoding=\"async\" width=\"1024\" height=\"759\" src=\"https:\/\/elbgraphik.de\/wordpress\/wp-content\/uploads\/Stiftehalter-divers-1024x759.jpg\" alt=\"\" data-id=\"750\" data-link=\"https:\/\/elbgraphik.de\/wordpress\/kuenstlerisches-recycling\/stiftehalter-divers\/\" class=\"wp-image-750\" srcset=\"https:\/\/elbgraphik.de\/wordpress\/wp-content\/uploads\/Stiftehalter-divers-1024x759.jpg 1024w, https:\/\/elbgraphik.de\/wordpress\/wp-content\/uploads\/Stiftehalter-divers-300x222.jpg 300w, https:\/\/elbgraphik.de\/wordpress\/wp-content\/uploads\/Stiftehalter-divers-768x569.jpg 768w\" sizes=\"(max-width: 706px) 89vw, (max-width: 767px) 82vw, 740px\" \/><figcaption>Stiftehalter Knochen Glas<\/figcaption><\/figure><\/li><li class=\"blocks-gallery-item\"><figure><img loading=\"lazy\" decoding=\"async\" width=\"731\" height=\"1024\" src=\"https:\/\/elbgraphik.de\/wordpress\/wp-content\/uploads\/Stiftehalter-Dose-731x1024.jpg\" alt=\"\" data-id=\"751\" data-link=\"https:\/\/elbgraphik.de\/wordpress\/kuenstlerisches-recycling\/stiftehalter-dose\/\" class=\"wp-image-751\" srcset=\"https:\/\/elbgraphik.de\/wordpress\/wp-content\/uploads\/Stiftehalter-Dose-731x1024.jpg 731w, https:\/\/elbgraphik.de\/wordpress\/wp-content\/uploads\/Stiftehalter-Dose-214x300.jpg 214w, https:\/\/elbgraphik.de\/wordpress\/wp-content\/uploads\/Stiftehalter-Dose-768x1076.jpg 768w\" sizes=\"(max-width: 731px) 100vw, 731px\" \/><figcaption>Stiftehalter Blechdose<\/figcaption><\/figure><\/li><li class=\"blocks-gallery-item\"><figure><img loading=\"lazy\" decoding=\"async\" width=\"768\" height=\"1024\" src=\"https:\/\/elbgraphik.de\/wordpress\/wp-content\/uploads\/Stiftehalter-Glas-768x1024.jpg\" alt=\"\" data-id=\"752\" data-link=\"https:\/\/elbgraphik.de\/wordpress\/kuenstlerisches-recycling\/stiftehalter-glas\/\" class=\"wp-image-752\" srcset=\"https:\/\/elbgraphik.de\/wordpress\/wp-content\/uploads\/Stiftehalter-Glas-768x1024.jpg 768w, https:\/\/elbgraphik.de\/wordpress\/wp-content\/uploads\/Stiftehalter-Glas-225x300.jpg 225w\" sizes=\"(max-width: 706px) 89vw, (max-width: 767px) 82vw, 740px\" \/><figcaption>Gl\u00fccksglas<\/figcaption><\/figure><\/li><li class=\"blocks-gallery-item\"><figure><img loading=\"lazy\" decoding=\"async\" width=\"768\" height=\"1024\" src=\"https:\/\/elbgraphik.de\/wordpress\/wp-content\/uploads\/Stiftehalter-Knochen-Glas-768x1024.jpg\" alt=\"\" data-id=\"753\" data-link=\"https:\/\/elbgraphik.de\/wordpress\/kuenstlerisches-recycling\/stiftehalter-knochen-glas\/\" class=\"wp-image-753\" srcset=\"https:\/\/elbgraphik.de\/wordpress\/wp-content\/uploads\/Stiftehalter-Knochen-Glas-768x1024.jpg 768w, https:\/\/elbgraphik.de\/wordpress\/wp-content\/uploads\/Stiftehalter-Knochen-Glas-225x300.jpg 225w\" sizes=\"(max-width: 706px) 89vw, (max-width: 767px) 82vw, 740px\" \/><figcaption>Stiftehalter Gl\u00fccksglas<\/figcaption><\/figure><\/li><\/ul>\n\n\n\n<ul class=\"wp-block-gallery columns-3 is-cropped wp-block-gallery-3 is-layout-flex wp-block-gallery-is-layout-flex\"><li class=\"blocks-gallery-item\"><figure><img loading=\"lazy\" decoding=\"async\" width=\"667\" height=\"845\" src=\"https:\/\/elbgraphik.de\/wordpress\/wp-content\/uploads\/Kalenderblatt-Beispiel-1.jpg\" alt=\"\" data-id=\"758\" data-link=\"https:\/\/elbgraphik.de\/wordpress\/kuenstlerisches-recycling\/kalenderblatt-beispiel-2\/\" class=\"wp-image-758\" srcset=\"https:\/\/elbgraphik.de\/wordpress\/wp-content\/uploads\/Kalenderblatt-Beispiel-1.jpg 667w, https:\/\/elbgraphik.de\/wordpress\/wp-content\/uploads\/Kalenderblatt-Beispiel-1-237x300.jpg 237w\" sizes=\"(max-width: 667px) 100vw, 667px\" \/><\/figure><\/li><li class=\"blocks-gallery-item\"><figure><img loading=\"lazy\" decoding=\"async\" width=\"912\" height=\"684\" src=\"https:\/\/elbgraphik.de\/wordpress\/wp-content\/uploads\/Kalenderblatt-Doppelseite-Beispiel-1.jpg\" alt=\"\" data-id=\"759\" data-link=\"https:\/\/elbgraphik.de\/wordpress\/kuenstlerisches-recycling\/kalenderblatt-doppelseite-beispiel-2\/\" class=\"wp-image-759\" srcset=\"https:\/\/elbgraphik.de\/wordpress\/wp-content\/uploads\/Kalenderblatt-Doppelseite-Beispiel-1.jpg 912w, https:\/\/elbgraphik.de\/wordpress\/wp-content\/uploads\/Kalenderblatt-Doppelseite-Beispiel-1-300x225.jpg 300w, https:\/\/elbgraphik.de\/wordpress\/wp-content\/uploads\/Kalenderblatt-Doppelseite-Beispiel-1-768x576.jpg 768w\" sizes=\"(max-width: 706px) 89vw, (max-width: 767px) 82vw, 740px\" \/><figcaption>Kalenderblattansicht<\/figcaption><\/figure><\/li><li class=\"blocks-gallery-item\"><figure><img loading=\"lazy\" decoding=\"async\" width=\"913\" height=\"615\" src=\"https:\/\/elbgraphik.de\/wordpress\/wp-content\/uploads\/Kalenderblatt-Doppelseite-Beispiel2-1.jpg\" alt=\"\" data-id=\"760\" data-link=\"https:\/\/elbgraphik.de\/wordpress\/kuenstlerisches-recycling\/kalenderblatt-doppelseite-beispiel2-2\/\" class=\"wp-image-760\" srcset=\"https:\/\/elbgraphik.de\/wordpress\/wp-content\/uploads\/Kalenderblatt-Doppelseite-Beispiel2-1.jpg 913w, https:\/\/elbgraphik.de\/wordpress\/wp-content\/uploads\/Kalenderblatt-Doppelseite-Beispiel2-1-300x202.jpg 300w, https:\/\/elbgraphik.de\/wordpress\/wp-content\/uploads\/Kalenderblatt-Doppelseite-Beispiel2-1-768x517.jpg 768w\" sizes=\"(max-width: 706px) 89vw, (max-width: 767px) 82vw, 740px\" \/><\/figure><\/li><\/ul>\n\n\n\n<ul class=\"wp-block-gallery columns-2 is-cropped wp-block-gallery-4 is-layout-flex wp-block-gallery-is-layout-flex\"><li class=\"blocks-gallery-item\"><figure><img loading=\"lazy\" decoding=\"async\" width=\"639\" height=\"1024\" src=\"https:\/\/elbgraphik.de\/wordpress\/wp-content\/uploads\/Glasgravur-M\u00f6we-639x1024.jpg\" alt=\"\" data-id=\"761\" data-link=\"https:\/\/elbgraphik.de\/wordpress\/kuenstlerisches-recycling\/glasgravur-moewe\/\" class=\"wp-image-761\" srcset=\"https:\/\/elbgraphik.de\/wordpress\/wp-content\/uploads\/Glasgravur-M\u00f6we-639x1024.jpg 639w, https:\/\/elbgraphik.de\/wordpress\/wp-content\/uploads\/Glasgravur-M\u00f6we-187x300.jpg 187w, https:\/\/elbgraphik.de\/wordpress\/wp-content\/uploads\/Glasgravur-M\u00f6we-768x1231.jpg 768w\" sizes=\"(max-width: 639px) 100vw, 639px\" \/><figcaption>Glasgravur M\u00f6we<\/figcaption><\/figure><\/li><li class=\"blocks-gallery-item\"><figure><img loading=\"lazy\" decoding=\"async\" width=\"768\" height=\"1024\" src=\"https:\/\/elbgraphik.de\/wordpress\/wp-content\/uploads\/Notizblock-Leder-768x1024.jpg\" alt=\"\" data-id=\"762\" data-link=\"https:\/\/elbgraphik.de\/wordpress\/kuenstlerisches-recycling\/notizblock-leder\/\" class=\"wp-image-762\" srcset=\"https:\/\/elbgraphik.de\/wordpress\/wp-content\/uploads\/Notizblock-Leder-768x1024.jpg 768w, https:\/\/elbgraphik.de\/wordpress\/wp-content\/uploads\/Notizblock-Leder-225x300.jpg 225w\" sizes=\"(max-width: 706px) 89vw, (max-width: 767px) 82vw, 740px\" \/><figcaption>Notizblock Leder<\/figcaption><\/figure><\/li><\/ul>\n","protected":false},"excerpt":{"rendered":"<p>aus &#8222;Resten&#8220; werden kleine brauchbare Dinge gefertigt, die praktisch und nett sind, auch gerne zu Dekorationszwecken eingesetzt werden, weiter gibt es &#8211; Zeichenhefte\/Kalender DinA5-3 mit laminierter Au\u00dfenh\u00fclle &amp; HH-Design&nbsp; &#8211; Kalenderbl\u00e4tter (1Monat-1Blatt) DinA5-3 mit Motiv oder wahlweise Fotos &#8211; Kalenderblatt DinA3 &#8211; 1Jahr\/1Blatt mit verschiedenen Motiven oder wahlweise Fotos &#8211; Lesezeichen aus getrockneten Bl\u00fcten \/ &hellip; <\/p>\n<p class=\"link-more\"><a href=\"https:\/\/elbgraphik.de\/wordpress\/kuenstlerisches-recycling\/\" class=\"more-link\"><span class=\"screen-reader-text\">\u201ek\u00fcnstlerisches recycling\u201c<\/span> weiterlesen<\/a><\/p>\n","protected":false},"author":1,"featured_media":0,"parent":0,"menu_order":0,"comment_status":"closed","ping_status":"closed","template":"","meta":{"footnotes":""},"_links":{"self":[{"href":"https:\/\/elbgraphik.de\/wordpress\/wp-json\/wp\/v2\/pages\/717"}],"collection":[{"href":"https:\/\/elbgraphik.de\/wordpress\/wp-json\/wp\/v2\/pages"}],"about":[{"href":"https:\/\/elbgraphik.de\/wordpress\/wp-json\/wp\/v2\/types\/page"}],"author":[{"embeddable":true,"href":"https:\/\/elbgraphik.de\/wordpress\/wp-json\/wp\/v2\/users\/1"}],"replies":[{"embeddable":true,"href":"https:\/\/elbgraphik.de\/wordpress\/wp-json\/wp\/v2\/comments?post=717"}],"version-history":[{"count":4,"href":"https:\/\/elbgraphik.de\/wordpress\/wp-json\/wp\/v2\/pages\/717\/revisions"}],"predecessor-version":[{"id":763,"href":"https:\/\/elbgraphik.de\/wordpress\/wp-json\/wp\/v2\/pages\/717\/revisions\/763"}],"wp:attachment":[{"href":"https:\/\/elbgraphik.de\/wordpress\/wp-json\/wp\/v2\/media?parent=717"}],"curies":[{"name":"wp","href":"https:\/\/api.w.org\/{rel}","templated":true}]}}